{"id":4243,"date":"2024-06-13T09:56:05","date_gmt":"2024-06-13T09:56:05","guid":{"rendered":"https:\/\/hispona.org\/javier-frieiro-santaya\/"},"modified":"2024-06-13T09:56:12","modified_gmt":"2024-06-13T09:56:12","slug":"javier-frieiro-santaya","status":"publish","type":"page","link":"https:\/\/hispona.org\/gl_ES\/javier-frieiro-santaya\/","title":{"rendered":"Javier Frieiro Santaya"},"content":{"rendered":"<section class=\"av_textblock_section \"  itemscope=\"itemscope\" itemtype=\"https:\/\/schema.org\/CreativeWork\" ><div class='avia_textblock  '   itemprop=\"text\" ><h2>Javier Frieiro Santaya<\/h2>\n<h3>Miembro<\/h3>\n<p><a href=\"https:\/\/hispona.org\/wp-content\/uploads\/\/Foto-Frieiro-Javier-226x300.jpg\" data-mce-href=\"https:\/\/hispona.org\/wp-content\/uploads\/\/Foto-Frieiro-Javier-226x300.jpg\"><img loading=\"lazy\" decoding=\"async\" class=\"size-medium wp-image-4235 aligncenter\" src=\"https:\/\/hispona.org\/wp-content\/uploads\/\/Foto-Frieiro-Javier-226x300.jpg\" alt=\"\" width=\"226\" height=\"300\" data-mce-src=\"https:\/\/hispona.org\/wp-content\/uploads\/\/Foto-Frieiro-Javier-226x300.jpg\" srcset=\"https:\/\/hispona.org\/wp-content\/uploads\/Foto-Frieiro-Javier-226x300.jpg 226w, https:\/\/hispona.org\/wp-content\/uploads\/Foto-Frieiro-Javier-531x705.jpg 531w, https:\/\/hispona.org\/wp-content\/uploads\/Foto-Frieiro-Javier.jpg 654w\" sizes=\"auto, (max-width: 226px) 100vw, 226px\" \/><\/a><br data-mce-bogus=\"1\"><\/p>\n<p><span class=\"TextRun SCXW261450783 BCX2\" lang=\"ES-ES\" xml:lang=\"ES-ES\" data-contrast=\"auto\"><span class=\"NormalTextRun SCXW261450783 BCX2\">Javier <\/span><span class=\"NormalTextRun SpellingErrorV2Themed SCXW261450783 BCX2\">Frieiro<\/span> <span class=\"NormalTextRun SpellingErrorV2Themed SCXW261450783 BCX2\">Santaya<\/span><span class=\"NormalTextRun SCXW261450783 BCX2\"> (Caldas de Reis, 1998) <\/span><span class=\"NormalTextRun ContextualSpellingAndGrammarErrorV2Themed SCXW261450783 BCX2\">\u00e9<\/span><span class=\"NormalTextRun SCXW261450783 BCX2\"> graduado en Historia pola <\/span><span class=\"NormalTextRun SpellingErrorV2Themed SCXW261450783 BCX2\">Universidade<\/span><span class=\"NormalTextRun SCXW261450783 BCX2\"> de Santiago de Compostela (2020, con premio extraordinario da Xunta de Galicia) e <\/span><span class=\"NormalTextRun SpellingErrorV2Themed SCXW261450783 BCX2\">cursou<\/span> <span class=\"NormalTextRun SpellingErrorV2Themed SCXW261450783 BCX2\">estudos<\/span><span class=\"NormalTextRun SCXW261450783 BCX2\"> de <\/span><span class=\"NormalTextRun SpellingErrorV2Themed SCXW261450783 BCX2\">mestrado<\/span><span class=\"NormalTextRun SCXW261450783 BCX2\"> en Historia Contempor\u00e1nea (2021) e Formaci\u00f3n do Profesorado (2022) pola mesma casa. Actualmente est\u00e1 a desenvolver a <\/span><span class=\"NormalTextRun SpellingErrorV2Themed SCXW261450783 BCX2\">s\u00faa<\/span><span class=\"NormalTextRun SCXW261450783 BCX2\"> tese de <\/span><span class=\"NormalTextRun SpellingErrorV2Themed SCXW261450783 BCX2\">doutoramento<\/span><span class=\"NormalTextRun SCXW261450783 BCX2\"> sobre identidades, s\u00edmbolos <\/span><span class=\"NormalTextRun ContextualSpellingAndGrammarErrorV2Themed SCXW261450783 BCX2\">e<\/span><span class=\"NormalTextRun SCXW261450783 BCX2\"> procesos de nacionalizaci\u00f3n <\/span><span class=\"NormalTextRun SpellingErrorV2Themed SCXW261450783 BCX2\">na<\/span><span class=\"NormalTextRun SCXW261450783 BCX2\"> Espa\u00f1a do <\/span><span class=\"NormalTextRun SpellingErrorV2Themed SCXW261450783 BCX2\">s\u00e9culo<\/span><span class=\"NormalTextRun SCXW261450783 BCX2\"> XX <\/span><span class=\"NormalTextRun SpellingErrorV2Themed SCXW261450783 BCX2\">ao<\/span> <span class=\"NormalTextRun SpellingErrorV2Themed SCXW261450783 BCX2\">abeiro<\/span> <span class=\"NormalTextRun SpellingErrorV2Themed SCXW261450783 BCX2\">dun<\/span><span class=\"NormalTextRun SCXW261450783 BCX2\"> contrato <\/span><span class=\"NormalTextRun SpellingErrorV2Themed SCXW261450783 BCX2\">predoutoral<\/span><span class=\"NormalTextRun SCXW261450783 BCX2\"> FPU<\/span><span class=\"NormalTextRun SCXW261450783 BCX2\">.<\/span> <span class=\"NormalTextRun SpellingErrorV2Themed SCXW261450783 BCX2\">A<\/span><span class=\"NormalTextRun SpellingErrorV2Themed SCXW261450783 BCX2\">demais<\/span><span class=\"NormalTextRun SCXW261450783 BCX2\">,<\/span><span class=\"NormalTextRun SCXW261450783 BCX2\"> participa activamente nos <\/span><span class=\"NormalTextRun SpellingErrorV2Themed SCXW261450783 BCX2\">proxectos<\/span><span class=\"NormalTextRun SCXW261450783 BCX2\"> de investigaci\u00f3n do grupo HISPONA, <\/span><span class=\"NormalTextRun SCXW261450783 BCX2\">en particular <\/span><span class=\"NormalTextRun SCXW261450783 BCX2\">os enmarcados <\/span><span class=\"NormalTextRun SpellingErrorV2Themed SCXW261450783 BCX2\">na<\/span><span class=\"NormalTextRun SCXW261450783 BCX2\"> li\u00f1a dos <\/span><span class=\"NormalTextRun SpellingErrorV2Themed SCXW261450783 BCX2\">estudos<\/span><span class=\"NormalTextRun SCXW261450783 BCX2\"> sobre memoria democr\u00e1tica en Galicia.<\/span><\/span><br \/><span data-ccp-props=\"{&quot;201341983&quot;:0,&quot;335551550&quot;:6,&quot;335551620&quot;:6,&quot;335559739&quot;:160,&quot;335559740&quot;:279}\">&nbsp;<\/span><\/p>\n<\/div><\/section>\n","protected":false},"excerpt":{"rendered":"","protected":false},"author":5,"featured_media":0,"parent":0,"menu_order":0,"comment_status":"closed","ping_status":"closed","template":"","meta":{"_bbp_topic_count":0,"_bbp_reply_count":0,"_bbp_total_topic_count":0,"_bbp_total_reply_count":0,"_bbp_voice_count":0,"_bbp_anonymous_reply_count":0,"_bbp_topic_count_hidden":0,"_bbp_reply_count_hidden":0,"_bbp_forum_subforum_count":0,"jetpack_post_was_ever_published":false,"footnotes":""},"class_list":["post-4243","page","type-page","status-publish","hentry"],"jetpack_shortlink":"https:\/\/wp.me\/P45vGI-16r","jetpack_sharing_enabled":true,"_links":{"self":[{"href":"https:\/\/hispona.org\/gl_ES\/wp-json\/wp\/v2\/pages\/4243","targetHints":{"allow":["GET"]}}],"collection":[{"href":"https:\/\/hispona.org\/gl_ES\/wp-json\/wp\/v2\/pages"}],"about":[{"href":"https:\/\/hispona.org\/gl_ES\/wp-json\/wp\/v2\/types\/page"}],"author":[{"embeddable":true,"href":"https:\/\/hispona.org\/gl_ES\/wp-json\/wp\/v2\/users\/5"}],"replies":[{"embeddable":true,"href":"https:\/\/hispona.org\/gl_ES\/wp-json\/wp\/v2\/comments?post=4243"}],"version-history":[{"count":5,"href":"https:\/\/hispona.org\/gl_ES\/wp-json\/wp\/v2\/pages\/4243\/revisions"}],"predecessor-version":[{"id":4248,"href":"https:\/\/hispona.org\/gl_ES\/wp-json\/wp\/v2\/pages\/4243\/revisions\/4248"}],"wp:attachment":[{"href":"https:\/\/hispona.org\/gl_ES\/wp-json\/wp\/v2\/media?parent=4243"}],"curies":[{"name":"wp","href":"https:\/\/api.w.org\/{rel}","templated":true}]}}