{"id":3395,"date":"2020-03-17T19:24:46","date_gmt":"2020-03-17T19:24:46","guid":{"rendered":"http:\/\/hispona.org\/?page_id=3395"},"modified":"2024-06-12T17:52:53","modified_gmt":"2024-06-12T17:52:53","slug":"raul-soutelo-vazquez","status":"publish","type":"page","link":"https:\/\/hispona.org\/gl_ES\/membros\/raul-soutelo-vazquez\/","title":{"rendered":"Ra\u00fal Soutelo V\u00e1zquez"},"content":{"rendered":"<section class=\"av_textblock_section \"  itemscope=\"itemscope\" itemtype=\"https:\/\/schema.org\/CreativeWork\" ><div class='avia_textblock  '   itemprop=\"text\" ><h2>Ra\u00fal Soutelo V\u00e1zquez<\/h2>\n<h3>Membro<\/h3>\n<p><span data-contrast=\"auto\">Ra\u00fal Soutelo V\u00e1zquez \u00e9 doutor en Historia pola Universidade de Vigo, profesor de Xeograf\u00eda e Historia no IES Campo de San Alberto (Noia) e profesor asociado de Did\u00e1ctica das Ciencias Sociais na Facultade de Ciencias da Educaci\u00f3n da Universidade de Santiago de Compostela. Forma parte da Comisi\u00f3n T\u00e9cnica do Arquivo da Emigraci\u00f3n Galega (Consello da Cultura Galega) e do grupo de investigaci\u00f3n en Historia pol\u00edtica e dos nacionalismos (Hispona).<\/span><\/p>\n<p><span data-contrast=\"auto\">As s\u00faas achegas m\u00e1is recentes sobre as caracter\u00edsticas e consecuencias da emigraci\u00f3n galega a Am\u00e9rica durante o s\u00e9culo pasado son os artigos acad\u00e9micos titulados \u00abTraficantes de so\u00f1os. Os beneficiados da emigraci\u00f3n a Am\u00e9rica\u00bb, en Isidro Dubert (ed.), <\/span><i><span data-contrast=\"auto\">A morte de Galicia<\/span><\/i><span data-contrast=\"auto\"> (Xerais, Vigo, 2019); e \u00abEstudar as migraci\u00f3ns dende Ourense: reflexi\u00f3ns e propostas did\u00e1cticas partindo das achegas de Jes\u00fas de Juana\u00bb, en Julio Prada Rodr\u00edguez e Domingo Rodr\u00edguez Teijeiro (eds.), <\/span><i><span data-contrast=\"auto\">Indivisa manent. Estudos en homenaxe a Jes\u00fas de Juana<\/span><\/i><span data-contrast=\"auto\"> (Galaxia, Vigo, 2019).<\/span><span data-ccp-props=\"{&quot;134233117&quot;:false,&quot;134233118&quot;:false,&quot;201341983&quot;:0,&quot;335551550&quot;:6,&quot;335551620&quot;:6,&quot;335559738&quot;:204,&quot;335559739&quot;:204,&quot;335559740&quot;:279}\">\u00a0<\/span><\/p>\n<p><span data-contrast=\"auto\">Entre as s\u00faas monograf\u00edas de tem\u00e1tica migratoria destacan <\/span><i><span data-contrast=\"auto\">Emigraci\u00f3n, negocios e pol\u00edtica na Galicia rural: Coles, 1887-1950<\/span><\/i><span data-contrast=\"auto\"> (Deputaci\u00f3n de Ourense, 2014) e <\/span><i><span data-contrast=\"auto\">Entre Ourense e Am\u00e9rica. A emigraci\u00f3n nos proxectos de vida de diferentes tipos de familias na Galicia rural, 1880-1960<\/span><\/i><span data-contrast=\"auto\"> (Deputaci\u00f3n de Ourense, 2018).<\/span><\/p>\n<p><span data-contrast=\"auto\">En coautor\u00eda con M.\u00aa Xos\u00e9 V\u00e1zquez Lojo publicou <\/span><i><span data-contrast=\"auto\">Emprendedores rexos en tempos duros. A integraci\u00f3n dos galegos en Venezuela e no Brasil durante o s\u00e9culo XX<\/span><\/i><span data-contrast=\"auto\"> (Deputaci\u00f3n de Ourense, 2015) e <\/span><i><span data-contrast=\"auto\">Salceda nos tempos da emigraci\u00f3n a Am\u00e9rica<\/span><\/i><span data-contrast=\"auto\"> (Deputaci\u00f3n de Pontevedra, 2019).<\/span><\/p>\n<p><span data-contrast=\"auto\">En 2017 recibiu con Xos\u00e9 Manuel V\u00e1zquez Lij\u00f3 o Premio Murgu\u00eda de Ensaio polo traballo <\/span><i><span data-contrast=\"auto\">O Son que co\u00f1eceu Ram\u00f3n Caama\u00f1o. Xentes e espazos dentro e fora do marco fotogr\u00e1fico<\/span><\/i><span data-contrast=\"auto\"> (Deputaci\u00f3n da Coru\u00f1a, 2018).<\/span><\/p>\n<p><span data-contrast=\"auto\">A s\u00faa monograf\u00eda m\u00e1is recente \u00e9 <\/span><i><span data-contrast=\"auto\">O Anxo de Monteasnal. Investigaci\u00f3n e did\u00e1ctica da represi\u00f3n franquista en Galicia partindo da memoria oral dun home bravo que non se deixou cazar<\/span><\/i><span data-contrast=\"auto\"> (Ir Indo, Vigo, 2019).<\/span><span data-ccp-props=\"{&quot;134233117&quot;:false,&quot;134233118&quot;:false,&quot;201341983&quot;:0,&quot;335551550&quot;:6,&quot;335551620&quot;:6,&quot;335559738&quot;:204,&quot;335559739&quot;:204,&quot;335559740&quot;:279}\">\u00a0<\/span><\/p>\n<\/div><\/section>\n","protected":false},"excerpt":{"rendered":"","protected":false},"author":5,"featured_media":0,"parent":2912,"menu_order":0,"comment_status":"closed","ping_status":"closed","template":"","meta":{"_bbp_topic_count":0,"_bbp_reply_count":0,"_bbp_total_topic_count":0,"_bbp_total_reply_count":0,"_bbp_voice_count":0,"_bbp_anonymous_reply_count":0,"_bbp_topic_count_hidden":0,"_bbp_reply_count_hidden":0,"_bbp_forum_subforum_count":0,"jetpack_post_was_ever_published":false,"footnotes":""},"class_list":["post-3395","page","type-page","status-publish","hentry"],"jetpack_shortlink":"https:\/\/wp.me\/P45vGI-SL","jetpack_sharing_enabled":true,"_links":{"self":[{"href":"https:\/\/hispona.org\/gl_ES\/wp-json\/wp\/v2\/pages\/3395","targetHints":{"allow":["GET"]}}],"collection":[{"href":"https:\/\/hispona.org\/gl_ES\/wp-json\/wp\/v2\/pages"}],"about":[{"href":"https:\/\/hispona.org\/gl_ES\/wp-json\/wp\/v2\/types\/page"}],"author":[{"embeddable":true,"href":"https:\/\/hispona.org\/gl_ES\/wp-json\/wp\/v2\/users\/5"}],"replies":[{"embeddable":true,"href":"https:\/\/hispona.org\/gl_ES\/wp-json\/wp\/v2\/comments?post=3395"}],"version-history":[{"count":6,"href":"https:\/\/hispona.org\/gl_ES\/wp-json\/wp\/v2\/pages\/3395\/revisions"}],"predecessor-version":[{"id":4186,"href":"https:\/\/hispona.org\/gl_ES\/wp-json\/wp\/v2\/pages\/3395\/revisions\/4186"}],"up":[{"embeddable":true,"href":"https:\/\/hispona.org\/gl_ES\/wp-json\/wp\/v2\/pages\/2912"}],"wp:attachment":[{"href":"https:\/\/hispona.org\/gl_ES\/wp-json\/wp\/v2\/media?parent=3395"}],"curies":[{"name":"wp","href":"https:\/\/api.w.org\/{rel}","templated":true}]}}