{"id":2933,"date":"2014-01-23T17:51:54","date_gmt":"2014-01-23T17:51:54","guid":{"rendered":"http:\/\/hispona.org\/?page_id=2933"},"modified":"2024-06-11T17:51:51","modified_gmt":"2024-06-11T17:51:51","slug":"xose-manoel-nunez-seixas","status":"publish","type":"page","link":"https:\/\/hispona.org\/gl_ES\/membros\/xose-manoel-nunez-seixas\/","title":{"rendered":"Xos\u00e9 Manoel N\u00fa\u00f1ez Seixas"},"content":{"rendered":"<section class=\"av_textblock_section \"  itemscope=\"itemscope\" itemtype=\"https:\/\/schema.org\/CreativeWork\" ><div class='avia_textblock  '   itemprop=\"text\" ><h2>Xos\u00e9 Manoel N\u00fa\u00f1ez Seixas<\/h2>\n<h3>Membro<\/h3>\n<div id=\"attachment_4074\" style=\"width: 654px\" class=\"wp-caption aligncenter\"><a href=\"https:\/\/hispona.org\/wp-content\/uploads\/Foto-Nunez-Seixas.jpg\"><img loading=\"lazy\" decoding=\"async\" aria-describedby=\"caption-attachment-4074\" class=\" wp-image-4074\" src=\"https:\/\/hispona.org\/wp-content\/uploads\/Foto-Nunez-Seixas-300x200.jpg\" alt=\"\" width=\"644\" height=\"429\" srcset=\"https:\/\/hispona.org\/wp-content\/uploads\/Foto-Nunez-Seixas-300x200.jpg 300w, https:\/\/hispona.org\/wp-content\/uploads\/Foto-Nunez-Seixas-1030x687.jpg 1030w, https:\/\/hispona.org\/wp-content\/uploads\/Foto-Nunez-Seixas-768x512.jpg 768w, https:\/\/hispona.org\/wp-content\/uploads\/Foto-Nunez-Seixas-1536x1024.jpg 1536w, https:\/\/hispona.org\/wp-content\/uploads\/Foto-Nunez-Seixas-1500x1000.jpg 1500w\" sizes=\"auto, (max-width: 644px) 100vw, 644px\" \/><\/a><p id=\"caption-attachment-4074\" class=\"wp-caption-text\">CCCB &#8211; DEBATS &#8211; ELECCIONS EUROPEES 2024<\/p><\/div>\n<p><span data-contrast=\"auto\">Doutor en Historia Contempor\u00e1nea polo Instituto Universitario Europeo de Florencia (1992) cunha tese sobre a cuesti\u00f3n das nacionalidades na Europa de entreguerras dirixida polos profesores Heinz-Gerhard Haupt e Stuart J. Woolf, publicada no 2001 como <\/span><i><span data-contrast=\"auto\">Entre Ginebra y Berl\u00edn. La cuesti\u00f3n de las minor\u00edas nacionales y la pol\u00edtica internacional en Europa, 1914-1939<\/span><\/i><span data-contrast=\"auto\"> (<\/span><span data-contrast=\"auto\">Madrid: Akal). Foi profesor titular de Historia Contempor\u00e1nea na USC (1994-2007) e \u00e9 catedr\u00e1tico de Historia Contempor\u00e1nea dende outubro de 2007. Entre outubro de 2012 e setembro de 2017 desempe\u00f1ou a c\u00e1tedra de Historia de Europa nos s\u00e9culos XIX e XX na Universidade Ludwig-Maximilian de M\u00fanich. Dende 2018 \u00e9 tam\u00e9n vicepresidente do Consello da Cultura Galega (consellodacultura.gal), onde dirixe o Arquivo da Emigraci\u00f3n Galega.<\/span><span data-ccp-props=\"{&quot;134233117&quot;:true,&quot;134233118&quot;:true,&quot;335551550&quot;:6,&quot;335551620&quot;:6}\">\u00a0<\/span><\/p>\n<p><span data-contrast=\"auto\">Foi investigador convidado nas Universidades de Halle\/Saale, Bielefeld e Zentrum f\u00fcr vergleichende Geschichte Europas (Berl\u00edn), ben como no Centro de Estudios Migratorios Latinoamericanos (Buenos Aires). Tam\u00e9n foi profesor convidado nas Universidades de Rennes II, Par\u00eds VII, Par\u00eds X, Verona, Tur\u00edn, City University of New York, Stanford University (EUA) e a Universidad Nacional de Mar del Plata (Argentina), e no Colexio de Europa (Natolin, Varsovia).<\/span><span data-ccp-props=\"{&quot;134233117&quot;:true,&quot;134233118&quot;:true,&quot;335551550&quot;:6,&quot;335551620&quot;:6}\">\u00a0<\/span><\/p>\n<p><span data-contrast=\"auto\">Dirixe a revista <\/span><i><span data-contrast=\"auto\">Studies on National Movements <\/span><\/i><span data-contrast=\"auto\">e \u00e9 membro do consello editorial das revistas <\/span><i><span data-contrast=\"auto\">Passato e Presente<\/span><\/i><span data-contrast=\"auto\"> e <\/span><i><span data-contrast=\"auto\">Historia Social<\/span><\/i><span data-contrast=\"auto\">. Fai parte ademais do consello asesor das revistas ib\u00e9ricas <\/span><i><span data-contrast=\"auto\">An\u00e1lise Social<\/span><\/i><span data-contrast=\"auto\">, <\/span><i><span data-contrast=\"auto\">R\u00fabrica Contempor\u00e1nea<\/span><\/i><span data-contrast=\"auto\">, <\/span><i><span data-contrast=\"auto\">Revista Universitaria de Historia Militar<\/span><\/i><span data-contrast=\"auto\">, <\/span><i><span data-contrast=\"auto\">Ayer<\/span><\/i><span data-contrast=\"auto\">, <\/span><i><span data-contrast=\"auto\">Segle XX<\/span><\/i><span data-contrast=\"auto\">, <\/span><i><span data-contrast=\"auto\">Franquisme &amp; Transici\u00f3<\/span><\/i><span data-contrast=\"auto\"> e <\/span><i><span data-contrast=\"auto\">Historia del Presente<\/span><\/i><span data-contrast=\"auto\">, ben como das revistas internacionais <\/span><i><span data-contrast=\"auto\">European History Quarterly<\/span><\/i><span data-contrast=\"auto\">, <\/span><i><span data-contrast=\"auto\">Spagna Contemporanea<\/span><\/i><span data-contrast=\"auto\">, <\/span><i><span data-contrast=\"auto\">Nazioni e Regioni<\/span><\/i><span data-contrast=\"auto\">, <\/span><i><span data-contrast=\"auto\">Journal of Iberian and Latin American Literary and Cultural Studies<\/span><\/i><span data-contrast=\"auto\">, <\/span><i><span data-contrast=\"auto\">Estudos Iberoamericanos<\/span><\/i><span data-contrast=\"auto\">, <\/span><i><span data-contrast=\"auto\">Anuario del IEHS<\/span><\/i><span data-contrast=\"auto\">, <\/span><i><span data-contrast=\"auto\">International Journal of Iberian Studies<\/span><\/i><span data-contrast=\"auto\">, <\/span><i><span data-contrast=\"auto\">Journal on Ethnopolitics and Minority Issues in Europe<\/span><\/i><span data-contrast=\"auto\"> e <\/span><i><span data-contrast=\"auto\">Locus. Revista de Hist\u00f3ria.<\/span><\/i><span data-ccp-props=\"{&quot;134233117&quot;:true,&quot;134233118&quot;:true,&quot;335551550&quot;:6,&quot;335551620&quot;:6}\">\u00a0<\/span><\/p>\n<p><span data-contrast=\"auto\">Entre os seus \u00faltimos libros salientan <\/span><i><span data-contrast=\"auto\">Camarada invierno. Experiencia y memoria de la Divisi\u00f3n Azul<\/span><\/i><span data-contrast=\"auto\"> (Barcelona 2016, 2017; edici\u00f3n alem\u00e1, M\u00fcnster 2016; edici\u00f3n inglesa actualizada, Toronto\/Buffalo\/Londres 2022); con J. Moreno Luz\u00f3n, <\/span><i><span data-contrast=\"auto\">Los colores de la patria. S\u00edmbolos nacionales en la Espa\u00f1a contempor\u00e1nea<\/span><\/i><span data-contrast=\"auto\"> (Madrid 2017); con L. G\u00e1lvez e J. Mu\u00f1oz, <\/span><i><span data-contrast=\"auto\">Espa\u00f1a en democracia, 1975-2011<\/span><\/i><span data-contrast=\"auto\"> (Barcelona\/Madrid, 2017); <\/span><i><span data-contrast=\"auto\">Suspiros de Espa\u00f1a. El nacionalismo espa\u00f1ol, 1808-2018<\/span><\/i><span data-contrast=\"auto\"> (Barcelona 2018, 2020, Premio Nacional de Ensayo 2019; versi\u00f3n alem\u00e1 actualizada, <\/span><i><span data-contrast=\"auto\">Die bewegte Nation<\/span><\/i><span data-contrast=\"auto\">, Hamburgo 2019, Berl\u00edn 2020); <\/span><i><span data-contrast=\"auto\">El frente del Este. Historia y memoria de la guerra germano-sovi\u00e9tica, 1941-1945<\/span><\/i><span data-contrast=\"auto\"> (Madrid 2018); <\/span><i><span data-contrast=\"auto\">Volver a Stalingrado. El Frente del Este en la memoria europea, 1945-2021 <\/span><\/i><span data-contrast=\"auto\">(Barcelona 2022); e <\/span><i><span data-contrast=\"auto\">Beyond Folklore? The Franco Regime and Ethnoterritorial Diversity in Spain, 1930\u20131945 <\/span><\/i><span data-contrast=\"auto\">(Londres 2024). Tam\u00e9n coeditou os volumes<\/span><i><span data-contrast=\"auto\"> Metaphors of Spain. Representations of Spanish National Identity in the 20th century<\/span><\/i><span data-contrast=\"auto\"> (Nueva York\/Oxford 2017, 2.\u00aa ed. 2021); <\/span><i><span data-contrast=\"auto\">War Veterans and the World after 1945. Cold War Politics, Decolonization, Memory<\/span><\/i><span data-contrast=\"auto\"> (Londres 2018, 2.\u00aa ed. 2020);<\/span><i><span data-contrast=\"auto\"> Regionalism and Modern Europe. Identity Constructions and Movements from 1890 to the Present Day<\/span><\/i><span data-contrast=\"auto\"> (Londres 2018); <\/span><i><span data-contrast=\"auto\">Hacer patria lejos de casa. Nacionalismo espa\u00f1ol, migraci\u00f3n y exilio en Europa y Am\u00e9rica<\/span><\/i><span data-contrast=\"auto\"> (1870-2010) (Zaragoza 2020); <\/span><i><span data-contrast=\"auto\">Emotions and Everyday Nationalism in Modern European History<\/span><\/i><span data-contrast=\"auto\"> (Londres 2020, 2.\u00aa ed. 2020); e <\/span><i><span data-contrast=\"auto\">The First World War and the Nationality Question in Europe. Global Impact and Local Dynamics<\/span><\/i><span data-contrast=\"auto\"> (Leiden\/Boston 2020).<\/span><span data-ccp-props=\"{&quot;134233117&quot;:true,&quot;134233118&quot;:true,&quot;335551550&quot;:6,&quot;335551620&quot;:6}\">\u00a0<\/span><\/p>\n<p><span data-contrast=\"auto\">Os seus \u00e1mbitos de investigaci\u00f3n\u202f abranguen, entre outros, os movementos nacionalistas europeos en perspectiva comparada; os nacionalismos galego, vasco e catal\u00e1n; a cuesti\u00f3n nacional na Europa de entreguerras; o nacionalismo espa\u00f1ol no s\u00e9culo XX; as identidades locais, rexionais e territoriais en Espa\u00f1a e Europa nos s\u00e9culos XIX e XX; a historia cultural da guerra e da violencia, con especial referencia \u00e1 guerra civil espa\u00f1ola e a fronte rusa durante a Segunda Guerra Mundial; a emigraci\u00f3n espa\u00f1ola cara Am\u00e9rica Latina, s\u00e9culos XIX y XX, con especial referencia \u00e1 emigraci\u00f3n galega; a historia transnacional dos nacionalismos, do fascismo e das identidades pol\u00edticas; ou a historia e memoria na Europa do s\u00e9culo XX, nomeadamente das guerras mundiais e das ditaduras.\u00a0<\/span><span data-ccp-props=\"{&quot;134233117&quot;:true,&quot;134233118&quot;:true,&quot;335551550&quot;:6,&quot;335551620&quot;:6}\">\u00a0<\/span><\/p>\n<\/div><\/section>\n<div class='flex_column av-qw4tc5-ea856dd5918b43e0e0e6df25fd389176 av_one_half  avia-builder-el-1  el_after_av_textblock  el_before_av_hr  first flex_column_div column-top-margin'   ><\/div>\n<div  class='hr av-p8c91x-a33ce2fb34489dae81f7b6aa11da1f3e hr-short  avia-builder-el-2  el_after_av_one_half  el_before_av_one_half  hr-center '><span class='hr-inner '><span class=\"hr-inner-style\"><\/span><\/span><\/div>\n<div class='flex_column av-nle4g5-6743209439d8bf89d0bae1719a348556 av_one_half  avia-builder-el-3  el_after_av_hr  el_before_av_one_half  first flex_column_div '   ><form action=\"https:\/\/hispona.org\/gl_ES\/membros\/xose-manoel-nunez-seixas\/\" method=\"post\"  class=\"avia_ajax_form av-form-labels-visible   avia-builder-el-4  avia-builder-el-no-sibling   \" data-avia-form-id=\"1\" data-avia-redirect='' ><h3 class=''>Contacta con Xos\u00e9 Manoel N\u00fa\u00f1ez Seixas<\/h3><fieldset><p class='  first_form  form_element form_fullwidth' id='element_avia_1_1'><label for=\"avia_1_1\">Nome <abbr class=\"required\" title=\"required\">*<\/abbr><\/label> <input name=\"avia_1_1\" class=\"text_input is_empty\" type=\"text\" id=\"avia_1_1\" value=\"\" \/><\/p><p class='  first_form  form_element form_fullwidth' id='element_avia_2_1'><label for=\"avia_2_1\">Correo electr\u00f3nico <abbr class=\"required\" title=\"required\">*<\/abbr><\/label> <input name=\"avia_2_1\" class=\"text_input is_email\" type=\"text\" id=\"avia_2_1\" value=\"\" \/><\/p><p class='  first_form  form_element form_fullwidth' id='element_avia_3_1'><label for=\"avia_3_1\">Asunto <abbr class=\"required\" title=\"required\">*<\/abbr><\/label> <input name=\"avia_3_1\" class=\"text_input is_empty\" type=\"text\" id=\"avia_3_1\" value=\"\" \/><\/p><p class='  first_form  form_element form_fullwidth av-last-visible-form-element' id='element_avia_4_1'><label for=\"avia_4_1\" class=\"textare_label hidden textare_label_avia_4_1\">Mensaxe <abbr class=\"required\" title=\"required\">*<\/abbr><\/label><textarea  name=\"avia_4_1\" class=\"text_area is_empty\" cols=\"40\" rows=\"7\" id=\"avia_4_1\" ><\/textarea><\/p><p class=\"hidden\"><input type=\"text\" name=\"avia_5_1\" class=\"hidden \" id=\"avia_5_1\" value=\"\" \/><\/p><p class=\"form_element \"><input type=\"hidden\" value=\"1\" name=\"avia_generated_form1\" \/><input type=\"submit\" value=\"Enviar\" class=\"button\"  data-sending-label=\"Sending\"\/><\/p><\/fieldset><\/form><div id=\"ajaxresponse_1\" class=\"ajaxresponse ajaxresponse_1 hidden\"><\/div><\/div>\n\n<style type=\"text\/css\" data-created_by=\"avia_inline_auto\" id=\"style-css-av-dy81w5-a262146f897cb57b760a610c2ff4ba25\">\n.flex_column.av-dy81w5-a262146f897cb57b760a610c2ff4ba25{\nborder-radius:0px 0px 0px 0px;\n-webkit-border-radius:0px 0px 0px 0px;\n-moz-border-radius:0px 0px 0px 0px;\n}\n<\/style>\n<div class='flex_column av-dy81w5-a262146f897cb57b760a610c2ff4ba25 av_one_half  avia-builder-el-5  el_after_av_one_half  el_before_av_hr  flex_column_div av-zero-column-padding '   ><section class=\"av_textblock_section \"  itemscope=\"itemscope\" itemtype=\"https:\/\/schema.org\/CreativeWork\" ><div class='avia_textblock  '   itemprop=\"text\" ><h2>Mais informaci\u00f3n<\/h2>\n<\/div><\/section><br \/>\n<div  class='avia-icon-list-container av-avuac5-21578e307d3b6daa83311435008961b2  avia-builder-el-7  el_after_av_textblock  avia-builder-el-last  '><ul class='avia-icon-list avia_animate_when_almost_visible avia-icon-list-left av-iconlist-big av-avuac5-21578e307d3b6daa83311435008961b2 avia-iconlist-animate'>\n<li><div class='iconlist_icon av-8fr7dx-c730a666d3433e761123119dd714511f avia-font-entypo-fontello'><span class='iconlist-char ' aria-hidden='true' data-av_icon='\ue84d' data-av_iconfont='entypo-fontello'><\/span><\/div><article class=\"article-icon-entry \"  itemscope=\"itemscope\" itemtype=\"https:\/\/schema.org\/CreativeWork\" ><div class='iconlist_content_wrap'><header class=\"entry-content-header\"><h4 class='av_iconlist_title iconlist_title   '  itemprop=\"headline\" >Curriculum<\/h4><\/header><div class='iconlist_content  '  itemprop=\"text\" ><p>List Content goes here<\/p>\n<\/div><\/div><footer class=\"entry-footer\"><\/footer><\/article><div class='iconlist-timeline'><\/div><\/li>\n<li><div class='iconlist_icon av-7criz9-408757d18ddae9e95728e63bc2395142 avia-font-entypo-fontello'><span class='iconlist-char ' aria-hidden='true' data-av_icon='\ue805' data-av_iconfont='entypo-fontello'><\/span><\/div><article class=\"article-icon-entry \"  itemscope=\"itemscope\" itemtype=\"https:\/\/schema.org\/CreativeWork\" ><div class='iconlist_content_wrap'><header class=\"entry-content-header\"><h4 class='av_iconlist_title iconlist_title   '  itemprop=\"headline\" >email@servidor.com<\/h4><\/header><div class='iconlist_content  '  itemprop=\"text\" ><p>List Content goes here<\/p>\n<\/div><\/div><footer class=\"entry-footer\"><\/footer><\/article><div class='iconlist-timeline'><\/div><\/li>\n<li><div class='iconlist_icon av-5b5a11-68320b5eedccc41367a954305a6b4c63 avia-font-entypo-fontello'><span class='iconlist-char ' aria-hidden='true' data-av_icon='\ue8b1' data-av_iconfont='entypo-fontello'><\/span><\/div><article class=\"article-icon-entry \"  itemscope=\"itemscope\" itemtype=\"https:\/\/schema.org\/CreativeWork\" ><div class='iconlist_content_wrap'><header class=\"entry-content-header\"><h4 class='av_iconlist_title iconlist_title   '  itemprop=\"headline\" >Web na LMU<\/h4><\/header><div class='iconlist_content  '  itemprop=\"text\" ><p>List Content goes here<\/p>\n<\/div><\/div><footer class=\"entry-footer\"><\/footer><\/article><div class='iconlist-timeline'><\/div><\/li>\n<li><div class='iconlist_icon av-3xrstx-bd230e333fa0ae1ae938bc8d6298f850 avia-font-entypo-fontello'><span class='iconlist-char ' aria-hidden='true' data-av_icon='\ue8fd' data-av_iconfont='entypo-fontello'><\/span><\/div><article class=\"article-icon-entry \"  itemscope=\"itemscope\" itemtype=\"https:\/\/schema.org\/CreativeWork\" ><div class='iconlist_content_wrap'><header class=\"entry-content-header\"><h4 class='av_iconlist_title iconlist_title   '  itemprop=\"headline\" >LinkedIn<\/h4><\/header><div class='iconlist_content  '  itemprop=\"text\" ><p>List Content goes here<\/p>\n<\/div><\/div><footer class=\"entry-footer\"><\/footer><\/article><div class='iconlist-timeline'><\/div><\/li>\n<\/ul><\/div><\/p><\/div>\n<div  class='hr av-29fy3p-d96301b277114a76d4c105b5e43cf744 hr-short  avia-builder-el-8  el_after_av_one_half  avia-builder-el-last  hr-center '><span class='hr-inner '><span class=\"hr-inner-style\"><\/span><\/span><\/div>\n","protected":false},"excerpt":{"rendered":"","protected":false},"author":2,"featured_media":0,"parent":2912,"menu_order":0,"comment_status":"open","ping_status":"open","template":"","meta":{"_bbp_topic_count":0,"_bbp_reply_count":0,"_bbp_total_topic_count":0,"_bbp_total_reply_count":0,"_bbp_voice_count":0,"_bbp_anonymous_reply_count":0,"_bbp_topic_count_hidden":0,"_bbp_reply_count_hidden":0,"_bbp_forum_subforum_count":0,"jetpack_post_was_ever_published":true,"footnotes":""},"class_list":["post-2933","page","type-page","status-publish","hentry"],"jetpack_shortlink":"https:\/\/wp.me\/P45vGI-Lj","jetpack_sharing_enabled":true,"_links":{"self":[{"href":"https:\/\/hispona.org\/gl_ES\/wp-json\/wp\/v2\/pages\/2933","targetHints":{"allow":["GET"]}}],"collection":[{"href":"https:\/\/hispona.org\/gl_ES\/wp-json\/wp\/v2\/pages"}],"about":[{"href":"https:\/\/hispona.org\/gl_ES\/wp-json\/wp\/v2\/types\/page"}],"author":[{"embeddable":true,"href":"https:\/\/hispona.org\/gl_ES\/wp-json\/wp\/v2\/users\/2"}],"replies":[{"embeddable":true,"href":"https:\/\/hispona.org\/gl_ES\/wp-json\/wp\/v2\/comments?post=2933"}],"version-history":[{"count":12,"href":"https:\/\/hispona.org\/gl_ES\/wp-json\/wp\/v2\/pages\/2933\/revisions"}],"predecessor-version":[{"id":4111,"href":"https:\/\/hispona.org\/gl_ES\/wp-json\/wp\/v2\/pages\/2933\/revisions\/4111"}],"up":[{"embeddable":true,"href":"https:\/\/hispona.org\/gl_ES\/wp-json\/wp\/v2\/pages\/2912"}],"wp:attachment":[{"href":"https:\/\/hispona.org\/gl_ES\/wp-json\/wp\/v2\/media?parent=2933"}],"curies":[{"name":"wp","href":"https:\/\/api.w.org\/{rel}","templated":true}]}}